{"id":7173,"date":"2022-05-10T18:00:31","date_gmt":"2022-05-10T16:00:31","guid":{"rendered":"https:\/\/kalvfestival.se\/wp\/?post_type=portfolio&#038;p=7173"},"modified":"2023-07-10T23:27:36","modified_gmt":"2023-07-10T21:27:36","slug":"audiorama","status":"publish","type":"portfolio","link":"https:\/\/kalvfestival.se\/wp\/konserter\/audiorama\/","title":{"rendered":"Audiorama"},"content":{"rendered":"<div class=\"wpb-content-wrapper\"><p>[vc_row full_width=&#8221;stretch_row_content&#8221; css=&#8221;.vc_custom_1688563988659{background-image: url(https:\/\/kalvfestival.se\/wp\/wp-content\/uploads\/2023\/07\/audiorama-speakers-2099-MW-scaled.jpg?id=7296) !important;background-position: center !important;background-repeat: no-repeat !important;background-size: cover !important;}&#8221;][vc_column][vc_empty_space height=&#8221;350&#8243;][\/vc_column][\/vc_row][vc_row equal_height=&#8221;yes&#8221;][vc_column width=&#8221;3\/12&#8243; css=&#8221;.vc_custom_1588091104491{background-color: rgba(153,0,17,0.21) !important;*background-color: rgb(153,0,17) !important;}&#8221; offset=&#8221;vc_col-xs-12&#8243;][vc_empty_space height=&#8221;64px&#8221; el_class=&#8221;hidden-xs&#8221;][\/vc_column][vc_column width=&#8221;7\/12&#8243;][vc_empty_space height=&#8221;64px&#8221;][vc_custom_heading text=&#8221;Audiorama&#8221; use_theme_fonts=&#8221;yes&#8221;][vc_column_text]Audiorama initierar och driver projekt med inriktning p\u00e5 samtida ljudkonst, h\u00f6rspel och elektroakustisk musik. De best\u00e4ller, producerar och presenterar nya verk av tons\u00e4ttare, ljudkonstn\u00e4rer och dramatiker. Vidare arbetar Audiorama med andra organisationer och institutioner, i samarbetsprojekt s\u00e5v\u00e4l som konsultuppdrag. Vi arbetar \u00e4ven p\u00e5 uppdrag av universitet och specialutbildningar med undervisning, workshops, f\u00f6rel\u00e4sningar och konstn\u00e4rlig forskning. Med nuvarande bas p\u00e5 Skeppsholmen upps\u00f6ker vi hela landet med v\u00e5r verksamhet.<\/p>\n<p>Ut\u00f6ver att vara ett centrum f\u00f6r ljudkonst driver audiorama ocks\u00e5 sina egna festivaler (<a href=\"https:\/\/www.audiorama.se\/events\/2017\/tonband\" target=\"_blank\" rel=\"noopener\">Tonband<\/a> (musik) och <a href=\"https:\/\/www.audiorama.se\/events\/2018\/dramaton\" target=\"_blank\" rel=\"noopener\">Dramaton<\/a> (dramatik) och arbetar med flera \u00e5terkommande projekt s\u00e5som <a href=\"https:\/\/www.audiorama.se\/ljudbanken\/\" target=\"_blank\" rel=\"noopener\">Ljudb\u00e4nken<\/a> \u2013 en specialbyggd b\u00e4nk f\u00f6r ljudkonst i det offentliga rummet. <a href=\"https:\/\/www.audiorama.se\/composersplaces\" target=\"_blank\" rel=\"noopener\">ComposerSplaces<\/a> \u2013 ett rikst\u00e4ckande ljudkonstprojekt med m\u00e5let att tillg\u00e4ngligg\u00f6ra Sveriges elektroakustiska musikskatt (2023\u2013) samt <a href=\"https:\/\/www.audiorama.se\/puls\" target=\"_blank\" rel=\"noopener\">PULS<\/a> \u2013 en nordisk konsertserie, som presenterades i samarbete med norska EAU (2018\u20132022).[\/vc_column_text][vc_separator border_width=&#8221;2&#8243; el_width=&#8221;60&#8243;][\/vc_column][vc_column width=&#8221;2\/12&#8243;][vc_empty_space height=&#8221;96px&#8221; el_class=&#8221;hidden-xs&#8221;][vc_custom_heading text=&#8221;&#8221; font_container=&#8221;tag:h4|text_align:center&#8221; use_theme_fonts=&#8221;yes&#8221;][vc_separator color=&#8221;custom&#8221; accent_color=&#8221;#990011&#8243;][vc_column_text][\/vc_column_text][\/vc_column][\/vc_row][vc_row equal_height=&#8221;yes&#8221;][vc_column width=&#8221;3\/12&#8243; css=&#8221;.vc_custom_1588091104491{background-color: rgba(153,0,17,0.21) !important;*background-color: rgb(153,0,17) !important;}&#8221; offset=&#8221;vc_col-xs-12&#8243;][vc_empty_space height=&#8221;64px&#8221; el_class=&#8221;hidden-xs&#8221;][vc_column_text]<\/p>\n<h4><span style=\"color: #333333;\"><span style=\"color: #990011;\">EVENT<br \/>\n<\/span><\/span><span style=\"color: #333333;\"><em>Konsert<\/em><\/span><\/h4>\n<h4><span style=\"color: #333333;\"><span style=\"color: #990011;\">TID<br \/>\n<\/span><\/span><span style=\"color: #333333;\"><em>Fredag<br \/>\n11 augusti<\/em>\u00a0 \u00a0kl. <em>21<\/em><\/span><span style=\"color: #333333;\"><em>:00 \u00a0<\/em><\/span><\/h4>\n<h4><span style=\"color: #333333;\"><span style=\"color: #990011;\">PLATS<br \/>\n<\/span><\/span><span style=\"color: #333333;\"><em>Kalvs skolhus<br \/>\ngymnastiksalen<\/em><\/span><\/h4>\n<p>[\/vc_column_text][\/vc_column][vc_column width=&#8221;7\/12&#8243;][vc_empty_space height=&#8221;64px&#8221;][vc_custom_heading text=&#8221;AUDIORAMA | KUTIN, KINDLINGER &amp; KUBISCH: DECOMPOSITION I + III&#8221; font_container=&#8221;tag:h3|text_align:left&#8221; use_theme_fonts=&#8221;yes&#8221;][vc_column_text]<strong>Audiovisuella verk av Christina Kubisch, Peter Kutin och Florian Kindlinger\u00a0<\/strong><\/p>\n<p><em>Om konserten<\/em><\/p>\n<p>\u00d6sterrikiska duon Kutin | Kindlinger (Peter Kutin och Florian Kindlinger) utforskar i Decomposition-serien ljud som vi normalt inte registrerar med v\u00e5ra sinnen.<\/p>\n<p>\u201dDecomposition I\u201d \u00e4r en ljudess\u00e4 om erosion, f\u00f6rfall och tid, uteslutande baserat p\u00e5 oredigerade, r\u00e5a f\u00e4ltinspelningar fr\u00e5n Atacama-\u00f6knen \u2013 den torraste platsen p\u00e5 jorden.<\/p>\n<p>\u201dDecomposition III\u201d baseras p\u00e5 inspelningar fr\u00e5n Las Vegas Strip \u2013 en gata i en stad som hyllar konstgjort ljus med en s\u00e5dan intensitet att den f\u00e5r \u00f6knen att blomma. Decomposition III \u00e4r komponerad i samarbete med Christina Kubisch.[\/vc_column_text][vc_separator border_width=&#8221;2&#8243; el_width=&#8221;60&#8243;][\/vc_column][vc_column width=&#8221;2\/12&#8243;][vc_empty_space height=&#8221;96px&#8221; el_class=&#8221;hidden-xs&#8221;][vc_separator color=&#8221;custom&#8221; accent_color=&#8221;#990011&#8243;][\/vc_column][\/vc_row][vc_row equal_height=&#8221;yes&#8221;][vc_column width=&#8221;3\/12&#8243; css=&#8221;.vc_custom_1588091104491{background-color: rgba(153,0,17,0.21) !important;*background-color: rgb(153,0,17) !important;}&#8221; offset=&#8221;vc_col-xs-12&#8243;][vc_empty_space height=&#8221;64px&#8221; el_class=&#8221;hidden-xs&#8221;][vc_column_text]<\/p>\n<h4><span style=\"color: #333333;\"><span style=\"color: #990011;\">EVENT<br \/>\n<\/span><\/span><span style=\"color: #333333;\"><em>Ljudsaga<\/em><\/span><\/h4>\n<h4><span style=\"color: #333333;\"><span style=\"color: #990011;\">TID<br \/>\n<\/span><\/span><span style=\"color: #333333;\"><em>L\u00f6rdag<br \/>\n12 augusti<\/em>\u00a0 \u00a0kl. <\/span><span style=\"color: #333333;\"><em>11:00 \u00a0<\/em><\/span><\/h4>\n<h4><span style=\"color: #333333;\"><span style=\"color: #990011;\">PLATS<br \/>\n<\/span><\/span><span style=\"color: #333333;\"><em>Kalvs skolhus<br \/>\ngymnastiksalen<br \/>\n<\/em><\/span><br \/>\n<span style=\"color: #00ff00;\">Fri entr\u00e9<\/span><\/h4>\n<p>[\/vc_column_text][\/vc_column][vc_column width=&#8221;7\/12&#8243;][vc_empty_space height=&#8221;64px&#8221;][vc_custom_heading text=&#8221;AUDIORAMA | Sagan om Roboten Gertrud av Marcus Wrang\u00f6 | En ljudsaga f\u00f6r barn 1-3 \u00e5r&#8221; font_container=&#8221;tag:h3|text_align:left&#8221; use_theme_fonts=&#8221;yes&#8221;][vc_column_text]<em>Om ljudsagan\u00a0<\/em><\/p>\n<p><a href=\"https:\/\/kalvfestival.se\/wp\/wp-content\/uploads\/2023\/07\/SORG-ill-AW-3000px_audiorama-scaled.jpg\"><img loading=\"lazy\" decoding=\"async\" class=\"alignleft wp-image-7298 size-medium\" src=\"https:\/\/kalvfestival.se\/wp\/wp-content\/uploads\/2023\/07\/SORG-ill-AW-3000px_audiorama-300x232.jpg\" alt=\"\" width=\"300\" height=\"232\" srcset=\"https:\/\/kalvfestival.se\/wp\/wp-content\/uploads\/2023\/07\/SORG-ill-AW-3000px_audiorama-300x232.jpg 300w, https:\/\/kalvfestival.se\/wp\/wp-content\/uploads\/2023\/07\/SORG-ill-AW-3000px_audiorama-1024x792.jpg 1024w, https:\/\/kalvfestival.se\/wp\/wp-content\/uploads\/2023\/07\/SORG-ill-AW-3000px_audiorama-768x594.jpg 768w, https:\/\/kalvfestival.se\/wp\/wp-content\/uploads\/2023\/07\/SORG-ill-AW-3000px_audiorama-1536x1187.jpg 1536w, https:\/\/kalvfestival.se\/wp\/wp-content\/uploads\/2023\/07\/SORG-ill-AW-3000px_audiorama-2048x1583.jpg 2048w, https:\/\/kalvfestival.se\/wp\/wp-content\/uploads\/2023\/07\/SORG-ill-AW-3000px_audiorama-1612x1246.jpg 1612w, https:\/\/kalvfestival.se\/wp\/wp-content\/uploads\/2023\/07\/SORG-ill-AW-3000px_audiorama-1116x863.jpg 1116w, https:\/\/kalvfestival.se\/wp\/wp-content\/uploads\/2023\/07\/SORG-ill-AW-3000px_audiorama-806x623.jpg 806w, https:\/\/kalvfestival.se\/wp\/wp-content\/uploads\/2023\/07\/SORG-ill-AW-3000px_audiorama-558x431.jpg 558w, https:\/\/kalvfestival.se\/wp\/wp-content\/uploads\/2023\/07\/SORG-ill-AW-3000px_audiorama-655x506.jpg 655w, https:\/\/kalvfestival.se\/wp\/wp-content\/uploads\/2023\/07\/SORG-ill-AW-3000px_audiorama-1320x1020.jpg 1320w\" sizes=\"auto, (max-width: 300px) 100vw, 300px\" \/><\/a><\/p>\n<p>Sagan om Roboten Gertrud \u00e4r ett rymd\u00e4ventyr f\u00f6r de minsta, d\u00e4r Gertrud och hennes f\u00f6ljeslagare, surikaten Alice reser runt i universum f\u00f6r att samla texter och ljud till ett bibliotek.<\/p>\n<p>Roboten Gertrud och hennes st\u00e4ndiga f\u00f6ljeslagare Surikaten Alice bor p\u00e5 planet Orange. De har ett byggt ett bibliotek f\u00f6r ljud. Men biblioteket \u00e4r tomt. F\u00f6r att hitta ljud reser de runt i rymden och tr\u00e4ffar olika rymdvarelser.<\/p>\n<p>De tr\u00e4ffar Sara, Teva, Kalle och \u00c5ke. Och spelar in ljudet av allihop, men var \u00e4r Jonna? \u00c4r planet Rosa helt tyst? Och lyckas de fylla biblioteket?<\/p>\n<p>Sagan om Roboten Gertrud \u00e4r en ljudsaga f\u00f6r barn i \u00e5ldrarna 1\u20133 \u00e5r. L\u00e4gg dig ner p\u00e5 v\u00e5ra kuddar och h\u00f6r hur det g\u00e5r f\u00f6r Alice och Roboten Gertrud!<\/p>\n<p>Text och komposition: Marcus Wrang\u00f6<br \/>\nBer\u00e4ttarr\u00f6st: Kristina Adolphson<br \/>\nIllustrationer: Astrid Wrang\u00f6<\/p>\n<p>F\u00f6rest\u00e4llningen hade premi\u00e4r p\u00e5 Audiorama <a href=\"https:\/\/www.audiorama.se\/events\/2017\/roboten-gertrud\" target=\"_blank\" rel=\"noopener\">2017<\/a> och har presenterats p\u00e5 flera festivaler och inom v\u00e5r verksamhet riktad mot barn och unga:\u202f <a href=\"https:\/\/www.audiorama.se\/for-kids\" target=\"_blank\" rel=\"noopener\">https:\/\/www.audiorama.se\/for-kids\u202f<\/a><\/p>\n<p><em>\u00a0<\/em>[\/vc_column_text][vc_column_text]<a href=\"https:\/\/kalvfestival.se\/wp\/wp-content\/uploads\/2023\/07\/sl_8032_c_pos_r2_ppt.png\"><img loading=\"lazy\" decoding=\"async\" class=\"size-medium wp-image-7386 alignright\" src=\"https:\/\/kalvfestival.se\/wp\/wp-content\/uploads\/2023\/07\/sl_8032_c_pos_r2_ppt-300x110.png\" alt=\"\" width=\"300\" height=\"110\" srcset=\"https:\/\/kalvfestival.se\/wp\/wp-content\/uploads\/2023\/07\/sl_8032_c_pos_r2_ppt-300x110.png 300w, https:\/\/kalvfestival.se\/wp\/wp-content\/uploads\/2023\/07\/sl_8032_c_pos_r2_ppt.png 305w\" sizes=\"auto, (max-width: 300px) 100vw, 300px\" \/><\/a>Med st\u00f6d av Sparbanken Sjuh\u00e4rad[\/vc_column_text][vc_separator border_width=&#8221;2&#8243; el_width=&#8221;60&#8243;][\/vc_column][vc_column width=&#8221;2\/12&#8243;][vc_empty_space height=&#8221;96px&#8221; el_class=&#8221;hidden-xs&#8221;][vc_separator color=&#8221;custom&#8221; accent_color=&#8221;#990011&#8243;][\/vc_column][\/vc_row]<\/p>\n<\/div>","protected":false},"excerpt":{"rendered":"<p>[vc_row full_width=&#8221;stretch_row_content&#8221; css=&#8221;.vc_custom_1688563988659{background-image: url(https:\/\/kalvfestival.se\/wp\/wp-content\/uploads\/2023\/07\/audiorama-speakers-2099-MW-scaled.jpg?id=7296) !important;background-position: center !important;background-repeat: no-repeat !important;background-size: cover !important;}&#8221;][vc_column][vc_empty_space height=&#8221;350&#8243;][\/vc_column][\/vc_row][vc_row equal_height=&#8221;yes&#8221;][vc_column width=&#8221;3\/12&#8243; css=&#8221;.vc_custom_1588091104491{background-color: rgba(153,0,17,0.21) !important;*background-color: rgb(153,0,17) !important;}&#8221; offset=&#8221;vc_col-xs-12&#8243;][vc_empty_space height=&#8221;64px&#8221; el_class=&#8221;hidden-xs&#8221;][\/vc_column][vc_column width=&#8221;7\/12&#8243;][vc_empty_space height=&#8221;64px&#8221;][vc_custom_heading text=&#8221;Audiorama&#8221; use_theme_fonts=&#8221;yes&#8221;][vc_column_text]Audiorama initierar och driver projekt med inriktning p\u00e5 samtida ljudkonst, h\u00f6rspel och elektroakustisk musik. De best\u00e4ller, producerar och presenterar nya verk av tons\u00e4ttare, ljudkonstn\u00e4rer och dramatiker. Vidare arbetar Audiorama med&hellip;<\/p>\n","protected":false},"author":1,"featured_media":7296,"comment_status":"closed","ping_status":"closed","template":"","meta":{"_acf_changed":false,"footnotes":""},"portfolio_category":[69],"portfolio_tag":[],"class_list":["post-7173","portfolio","type-portfolio","status-publish","has-post-thumbnail","hentry","portfolio_category-medverkande_2023"],"acf":[],"_links":{"self":[{"href":"https:\/\/kalvfestival.se\/wp\/wp-json\/wp\/v2\/portfolio\/7173","targetHints":{"allow":["GET"]}}],"collection":[{"href":"https:\/\/kalvfestival.se\/wp\/wp-json\/wp\/v2\/portfolio"}],"about":[{"href":"https:\/\/kalvfestival.se\/wp\/wp-json\/wp\/v2\/types\/portfolio"}],"author":[{"embeddable":true,"href":"https:\/\/kalvfestival.se\/wp\/wp-json\/wp\/v2\/users\/1"}],"replies":[{"embeddable":true,"href":"https:\/\/kalvfestival.se\/wp\/wp-json\/wp\/v2\/comments?post=7173"}],"version-history":[{"count":5,"href":"https:\/\/kalvfestival.se\/wp\/wp-json\/wp\/v2\/portfolio\/7173\/revisions"}],"predecessor-version":[{"id":7388,"href":"https:\/\/kalvfestival.se\/wp\/wp-json\/wp\/v2\/portfolio\/7173\/revisions\/7388"}],"wp:featuredmedia":[{"embeddable":true,"href":"https:\/\/kalvfestival.se\/wp\/wp-json\/wp\/v2\/media\/7296"}],"wp:attachment":[{"href":"https:\/\/kalvfestival.se\/wp\/wp-json\/wp\/v2\/media?parent=7173"}],"wp:term":[{"taxonomy":"portfolio_category","embeddable":true,"href":"https:\/\/kalvfestival.se\/wp\/wp-json\/wp\/v2\/portfolio_category?post=7173"},{"taxonomy":"portfolio_tag","embeddable":true,"href":"https:\/\/kalvfestival.se\/wp\/wp-json\/wp\/v2\/portfolio_tag?post=7173"}],"curies":[{"name":"wp","href":"https:\/\/api.w.org\/{rel}","templated":true}]}}