{"id":5801,"date":"2021-07-23T15:47:21","date_gmt":"2021-07-23T13:47:21","guid":{"rendered":"https:\/\/kalvfestival.se\/wp\/?post_type=portfolio&#038;p=5801"},"modified":"2022-04-12T20:53:55","modified_gmt":"2022-04-12T18:53:55","slug":"fredag-21-00-rage-linda-improviserade-hugskott-och-infall","status":"publish","type":"portfolio","link":"https:\/\/kalvfestival.se\/wp\/konserter\/fredag-21-00-rage-linda-improviserade-hugskott-och-infall\/","title":{"rendered":"FREDAG 21.00 : RAGE + Linda | Improviserade Hugskott och infall"},"content":{"rendered":"<div class=\"wpb-content-wrapper\"><p>[vc_row full_width=&#8221;stretch_row_content&#8221; css=&#8221;.vc_custom_1628603817526{background-image: url(https:\/\/kalvfestival.se\/wp\/wp-content\/uploads\/2021\/07\/Rage_4.jpg?id=5829) !important;background-position: center !important;background-repeat: no-repeat !important;background-size: cover !important;}&#8221;][vc_column][vc_empty_space height=&#8221;720&#8243;][\/vc_column][\/vc_row][vc_row equal_height=&#8221;yes&#8221;][vc_column width=&#8221;3\/12&#8243; css=&#8221;.vc_custom_1588091104491{background-color: rgba(153,0,17,0.21) !important;*background-color: rgb(153,0,17) !important;}&#8221; offset=&#8221;vc_col-xs-12&#8243;][vc_empty_space height=&#8221;64px&#8221; el_class=&#8221;hidden-xs&#8221;][vc_column_text]<\/p>\n<h4><span style=\"color: #333333;\"><span style=\"color: #990011;\">| EVENT:<br \/>\n<\/span><\/span><span style=\"color: #333333;\"><em>Konsert \u00a0<\/em><\/span><\/h4>\n<h4><span style=\"color: #990011;\">|\u00a0<\/span><span style=\"color: #333333;\"><span style=\"color: #990011;\">TID:<br \/>\n<\/span><\/span><span style=\"color: #333333;\"><em>Fredag 13 augusti 21<\/em><\/span><span style=\"color: #333333;\"><em>:00<br \/>\n(insl\u00e4pp 19:00)<br \/>\n<span style=\"color: #00ff00;\">Fri entr\u00e9<\/span><\/em><\/span><\/h4>\n<h4><span style=\"color: #990011;\">| <\/span><span style=\"color: #333333;\"><span style=\"color: #990011;\">PLATS:<br \/>\n<\/span><\/span><span style=\"color: #333333;\"><em>Bygdeg\u00e5rden<\/em><\/span><\/h4>\n<p>[\/vc_column_text][\/vc_column][vc_column width=&#8221;7\/12&#8243;][vc_empty_space height=&#8221;64px&#8221;][vc_custom_heading text=&#8221;RAGE Thormbones + Linda Jankowska | Improviserade Hugskott och infall&#8221; use_theme_fonts=&#8221;yes&#8221;][vc_column_text]<i><span data-contrast=\"auto\">Konsert\u00a0med\u00a0improviserade\u00a0akustiska\u00a0och\u00a0elektroniska\u00a0klanger<\/span><\/i><span data-ccp-props=\"{&quot;469777462&quot;:[3651],&quot;469777927&quot;:[0],&quot;469777928&quot;:[1]}\">\u00a0<\/span><\/p>\n<p><span data-ccp-props=\"{}\">\u00a0<\/span><\/p>\n<p><span data-contrast=\"auto\">P\u00e5 denna sena konsert sammanstr\u00e5lar tv\u00e5 av Kalvfestivalens inbjudna akter i ett improviserat f\u00f6rsta m\u00f6te d\u00e4r l\u00e5ga brassinstrument, violin, och elektroniska manipulationer blandas, destilleras och formas till vibrerande, spontana ljudlandskap.<\/span><span data-ccp-props=\"{&quot;469777462&quot;:[3651],&quot;469777927&quot;:[0],&quot;469777928&quot;:[1]}\">\u00a0<\/span><\/p>\n<p><span data-ccp-props=\"{&quot;469777462&quot;:[3651],&quot;469777927&quot;:[0],&quot;469777928&quot;:[1]}\">\u00a0<\/span><\/p>\n<p><b><span data-contrast=\"auto\">RAGE Thormbones<\/span><\/b><span data-contrast=\"auto\"> \u00e4r ett p\u00e5g\u00e5ende samarbete mellan USA- baserade trombonisterna och tons\u00e4ttarna Matt Barbier och Weston Olencki. De t\u00e4njer p\u00e5 s\u00e5v\u00e4l brassinstrumentens tekniska gr\u00e4nser som konsertformaten, och kombinerar ofta egenbyggda instrument och analoga och digitala hj\u00e4lpmedel. De samarbetar t\u00e4tt med en m\u00e4ngd \u2013 f\u00f6retr\u00e4desvis unga \u2013 musiker och tons\u00e4ttare fr\u00e5n vitt skilda genrer som Michelle Lou, Liza Lim, Timothy McCormack, Lester St Louis och Scott Walker.\u00a0<\/span><span data-ccp-props=\"{}\">\u00a0<\/span>[\/vc_column_text][vc_separator border_width=&#8221;2&#8243; el_width=&#8221;60&#8243;][vc_column_text]<\/p>\n<h6><i>RAGE Thormbones och Linda Jankowska \u00e4r inbjudna som en del av projektet <\/i><b><i>Borduner och Scenkonst i Kalv<\/i><\/b><i>, ett projekt som st\u00f6ds av Statens Musikverk och V\u00e4strag\u00f6talandsregionen. <\/i><\/h6>\n<h6>Photo \u00a9 <strong>David Wilson<\/strong><\/h6>\n<p>[\/vc_column_text][\/vc_column][vc_column width=&#8221;2\/12&#8243;][vc_empty_space height=&#8221;96px&#8221; el_class=&#8221;hidden-xs&#8221;][vc_custom_heading text=&#8221;Mer info om artisten:&#8221; font_container=&#8221;tag:h4|text_align:center&#8221; use_theme_fonts=&#8221;yes&#8221;][vc_separator color=&#8221;custom&#8221; accent_color=&#8221;#990011&#8243;][vc_column_text]<a href=\"https:\/\/ragethormbones.com\/\" target=\"_blank\" rel=\"noopener noreferrer\">ragethormbones.com<\/a><br \/>\n<a href=\"http:\/\/lindajankowska.com\" target=\"_blank\" rel=\"noopener\">lindajankowska.com<\/a>[\/vc_column_text][\/vc_column][\/vc_row]<\/p>\n<\/div>","protected":false},"excerpt":{"rendered":"<p>[vc_row full_width=&#8221;stretch_row_content&#8221; css=&#8221;.vc_custom_1628603817526{background-image: url(https:\/\/kalvfestival.se\/wp\/wp-content\/uploads\/2021\/07\/Rage_4.jpg?id=5829) !important;background-position: center !important;background-repeat: no-repeat !important;background-size: cover !important;}&#8221;][vc_column][vc_empty_space height=&#8221;720&#8243;][\/vc_column][\/vc_row][vc_row equal_height=&#8221;yes&#8221;][vc_column width=&#8221;3\/12&#8243; css=&#8221;.vc_custom_1588091104491{background-color: rgba(153,0,17,0.21) !important;*background-color: rgb(153,0,17) !important;}&#8221; offset=&#8221;vc_col-xs-12&#8243;][vc_empty_space height=&#8221;64px&#8221; el_class=&#8221;hidden-xs&#8221;][vc_column_text] | EVENT: Konsert \u00a0 |\u00a0TID: Fredag 13 augusti 21:00 (insl\u00e4pp 19:00) Fri entr\u00e9 | PLATS: Bygdeg\u00e5rden [\/vc_column_text][\/vc_column][vc_column width=&#8221;7\/12&#8243;][vc_empty_space height=&#8221;64px&#8221;][vc_custom_heading text=&#8221;RAGE Thormbones + Linda Jankowska | Improviserade Hugskott och infall&#8221; use_theme_fonts=&#8221;yes&#8221;][vc_column_text]Konsert\u00a0med\u00a0improviserade\u00a0akustiska\u00a0och\u00a0elektroniska\u00a0klanger\u00a0 \u00a0 P\u00e5 denna&hellip;<\/p>\n","protected":false},"author":3,"featured_media":5829,"comment_status":"closed","ping_status":"closed","template":"","meta":{"_acf_changed":false,"footnotes":""},"portfolio_category":[63],"portfolio_tag":[],"class_list":["post-5801","portfolio","type-portfolio","status-publish","has-post-thumbnail","hentry","portfolio_category-arkiv21"],"acf":[],"_links":{"self":[{"href":"https:\/\/kalvfestival.se\/wp\/wp-json\/wp\/v2\/portfolio\/5801","targetHints":{"allow":["GET"]}}],"collection":[{"href":"https:\/\/kalvfestival.se\/wp\/wp-json\/wp\/v2\/portfolio"}],"about":[{"href":"https:\/\/kalvfestival.se\/wp\/wp-json\/wp\/v2\/types\/portfolio"}],"author":[{"embeddable":true,"href":"https:\/\/kalvfestival.se\/wp\/wp-json\/wp\/v2\/users\/3"}],"replies":[{"embeddable":true,"href":"https:\/\/kalvfestival.se\/wp\/wp-json\/wp\/v2\/comments?post=5801"}],"version-history":[{"count":10,"href":"https:\/\/kalvfestival.se\/wp\/wp-json\/wp\/v2\/portfolio\/5801\/revisions"}],"predecessor-version":[{"id":6158,"href":"https:\/\/kalvfestival.se\/wp\/wp-json\/wp\/v2\/portfolio\/5801\/revisions\/6158"}],"wp:featuredmedia":[{"embeddable":true,"href":"https:\/\/kalvfestival.se\/wp\/wp-json\/wp\/v2\/media\/5829"}],"wp:attachment":[{"href":"https:\/\/kalvfestival.se\/wp\/wp-json\/wp\/v2\/media?parent=5801"}],"wp:term":[{"taxonomy":"portfolio_category","embeddable":true,"href":"https:\/\/kalvfestival.se\/wp\/wp-json\/wp\/v2\/portfolio_category?post=5801"},{"taxonomy":"portfolio_tag","embeddable":true,"href":"https:\/\/kalvfestival.se\/wp\/wp-json\/wp\/v2\/portfolio_tag?post=5801"}],"curies":[{"name":"wp","href":"https:\/\/api.w.org\/{rel}","templated":true}]}}